{"id":842,"date":"2021-07-08T14:51:49","date_gmt":"2021-07-08T18:51:49","guid":{"rendered":"http:\/\/alterjustice.versionbeta.ca\/?post_type=sensi_recherche&#038;p=842"},"modified":"2021-07-08T16:22:13","modified_gmt":"2021-07-08T20:22:13","slug":"le-profil-des-personnes-incarcerees","status":"publish","type":"sensi_recherche","link":"https:\/\/alterjustice.org\/en\/sensi-research\/le-profil-des-personnes-incarcerees\/","title":{"rendered":"Le profil des personnes incarc\u00e9r\u00e9es"},"content":{"rendered":"\n<p>Derni\u00e8re mise \u00e0 jour&nbsp;: 27 juillet 2015<\/p>\n\n\n\n<h3 class=\"wp-block-heading\">Un portrait de la population carc\u00e9rale du Qu\u00e9bec<\/h3>\n\n\n\n<p>Qui sont les personnes incarc\u00e9r\u00e9es au sein des prisons qu\u00e9b\u00e9coises? Voici quelques donn\u00e9es qui vous permettront de mieux comprendre le profil de la client\u00e8le carc\u00e9rale du Qu\u00e9bec, selon diff\u00e9rentes sph\u00e8res.<\/p>\n\n\n\n<p>On dit souvent que la prison est un concentr\u00e9 des diverses probl\u00e9matiques que l\u2019on retrouve dans la soci\u00e9t\u00e9. Bien souvent, ce sont ces probl\u00e9matiques qui ont conduit la personne en d\u00e9tention. Si l\u2019on veut r\u00e9ellement travailler \u00e0 la r\u00e9insertion sociale des personnes contrevenantes, il importe de bien comprendre qui sont les personnes qui se retrouvent derri\u00e8re les murs de nos prisons et d\u2019agir sur les facteurs criminog\u00e8nes et les probl\u00e9matiques qui les y ont conduits. On pense principalement aux probl\u00e8mes de toxicomanie, de pauvret\u00e9, de d\u00e9crochage scolaire, etc. Sans cela, l\u2019incarc\u00e9ration ne devient qu\u2019une mesure purement punitive et contreproductive. Si l\u2019on veut r\u00e9ellement r\u00e9duire le risque de r\u00e9cidive, il faut avant tout tenter de r\u00e9gler les probl\u00e8mes qui ont pouss\u00e9 la personne dans la voie de la criminalit\u00e9 et travailler, d\u00e8s le premier jour de l\u2019incarc\u00e9ration, \u00e0 sa r\u00e9insertion sociale.<\/p>\n\n\n\n<h2 class=\"has-text-align-left wp-block-heading\">Profil<\/h2>\n\n\n\n<div class=\"wp-block-group\"><div class=\"wp-block-group__inner-container is-layout-flow wp-block-group-is-layout-flow\">\n<div class=\"wp-block-columns are-vertically-aligned-center is-layout-flex wp-container-core-columns-is-layout-9d6595d7 wp-block-columns-is-layout-flex\">\n<div class=\"wp-block-column is-vertically-aligned-center is-layout-flow wp-block-column-is-layout-flow\">\n<figure class=\"wp-block-image\"><img decoding=\"async\" src=\"https:\/\/www.alterjustice.org\/images\/ico\/ico_profil\/ico-profil-masculin.svg\" alt=\"\"\/><\/figure>\n\n\n\n<p>94.6&nbsp;% sont de sexe masculin<sup>\u2020<\/sup><\/p>\n<\/div>\n\n\n\n<div class=\"wp-block-column is-vertically-aligned-center is-layout-flow wp-block-column-is-layout-flow\">\n<figure class=\"wp-block-image\"><img decoding=\"async\" src=\"https:\/\/www.alterjustice.org\/images\/ico\/ico_profil\/ico-profil-age.svg\" alt=\"\"\/><\/figure>\n\n\n\n<p>19.4&nbsp;% sont \u00e2g\u00e9s entre 18 et 24 ans<sup>\u2020<\/sup><\/p>\n<\/div>\n\n\n\n<div class=\"wp-block-column is-vertically-aligned-center is-layout-flow wp-block-column-is-layout-flow\">\n<figure class=\"wp-block-image\"><img decoding=\"async\" src=\"https:\/\/www.alterjustice.org\/images\/ico\/ico_profil\/ico-profil-religion.svg\" alt=\"\"\/><\/figure>\n\n\n\n<p>80.5&nbsp;% sont de religion catholique<\/p>\n<\/div>\n<\/div>\n<\/div><\/div>\n\n\n\n<h3 class=\"wp-block-heading\">Majoritairement des hommes<\/h3>\n\n\n\n<p>\u00ab La client\u00e8le correctionnelle est majoritairement compos\u00e9e d&#8217;hommes c\u00e9libataires, d&#8217;expression fran\u00e7aise et de religion catholique. \u00bb&nbsp;<a href=\"https:\/\/www.alterjustice.org\/dossiers\/statistiques\/profil_personnes_incarcerees.html#Ref01\">[1]<\/a>&nbsp; Bien que la majeure partie de la client\u00e8le correctionnelle soit compos\u00e9e de personnes \u00e2g\u00e9es de moins de 40 ans, on remarque depuis quelques ann\u00e9es un ph\u00e9nom\u00e8ne de vieillissement de la population carc\u00e9rale. La proportion de personnes \u00e2g\u00e9es de 50 ans et plus est pass\u00e9e de 13.9 % en 2007-2008 \u00e0 15.6 % en 2012-2013.<\/p>\n\n\n\n<p>\u2020 donn\u00e9es 2012-2013<\/p>\n\n\n\n<h2 class=\"wp-block-heading\">Origines ethniques<\/h2>\n\n\n\n<div class=\"wp-block-columns is-layout-flex wp-container-core-columns-is-layout-9d6595d7 wp-block-columns-is-layout-flex\">\n<div class=\"wp-block-column is-layout-flow wp-block-column-is-layout-flow\">\n<figure class=\"wp-block-image\"><img decoding=\"async\" src=\"https:\/\/www.alterjustice.org\/images\/ico\/ico_profil\/ico-profil-origine.svg\" alt=\"\"\/><\/figure>\n\n\n\n<p class=\"has-text-align-center\">87.5&nbsp;% sont n\u00e9s au Canada<\/p>\n<\/div>\n\n\n\n<div class=\"wp-block-column is-layout-flow wp-block-column-is-layout-flow\">\n<figure class=\"wp-block-image\"><img decoding=\"async\" src=\"https:\/\/www.alterjustice.org\/images\/ico\/ico_profil\/ico-profil-autochtones.svg\" alt=\"\"\/><\/figure>\n\n\n\n<p>4.3&nbsp;% sont Autochtone ou Inuit*<\/p>\n<\/div>\n\n\n\n<div class=\"wp-block-column is-layout-flow wp-block-column-is-layout-flow\">\n<figure class=\"wp-block-image\"><img decoding=\"async\" src=\"https:\/\/www.alterjustice.org\/images\/ico\/ico_profil\/ico-profil-langue.svg\" alt=\"\"\/><\/figure>\n\n\n\n<p>75.6&nbsp;% ont le fran\u00e7ais pour langue maternelle<\/p>\n<\/div>\n<\/div>\n\n\n\n<h3 class=\"wp-block-heading\">La grande majorit\u00e9 des personnes condamn\u00e9es sont citoyens canadiens.<\/h3>\n\n\n\n<p>Seule une faible proportion de la client\u00e8le correctionnelle est n\u00e9e \u00e0 l\u2019ext\u00e9rieur du Canada et pour la grande majorit\u00e9 de ces personnes (86 %), elles habitent le Canada depuis au moins cinq ans.&nbsp; En 2007-2008, 1.2 % des personnes incarc\u00e9r\u00e9es dans les prisons qu\u00e9b\u00e9coises n&#8217;\u00e9taient pas citoyens canadiens.<\/p>\n\n\n\n<h3 class=\"wp-block-heading\">Les Autochtones sont surrepr\u00e9sent\u00e9s dans les \u00e9tablissements de d\u00e9tention.<\/h3>\n\n\n\n<p>Les Autochtones constituaient 4.3&nbsp;% de la population carc\u00e9rale pr\u00e9sente dans les prisons qu\u00e9b\u00e9coises en 2007-2008, alors qu\u2019ils ne repr\u00e9sentaient que 1.2&nbsp;% de la population totale du Qu\u00e9bec \u00e0 cette m\u00eame p\u00e9riode.&nbsp; La surrepr\u00e9sentation des Autochtones \u00e0 toutes les \u00e9tapes du processus judiciaire est un ph\u00e9nom\u00e8ne recens\u00e9 dans la litt\u00e9rature scientifique&nbsp;depuis plus de 30 ans.&nbsp; Pour en savoir davantage, consulter l&#8217;article :&nbsp;<a href=\"https:\/\/www.alterjustice.org\/dossiers\/articles\/1003-surrepresentation_autochtones.html\">La surrepr\u00e9sentation des Autochtones dans le processus judiciaire<\/a>.<\/p>\n\n\n\n<h2 class=\"wp-block-heading\">Famille &amp; adolescence<\/h2>\n\n\n\n<div class=\"wp-block-columns is-layout-flex wp-container-core-columns-is-layout-9d6595d7 wp-block-columns-is-layout-flex\">\n<div class=\"wp-block-column is-layout-flow wp-block-column-is-layout-flow\">\n<figure class=\"wp-block-image\"><img decoding=\"async\" src=\"https:\/\/www.alterjustice.org\/images\/ico\/ico_profil\/ico-profil-enfants.svg\" alt=\"\"\/><\/figure>\n\n\n\n<p>55.1% ont des enfants<\/p>\n<\/div>\n\n\n\n<div class=\"wp-block-column is-layout-flow wp-block-column-is-layout-flow\">\n<h2 class=\"wp-block-heading\" id=\"block-4d1f4b8e-3c45-4f7b-8828-69083c119e5d\"><img decoding=\"async\" alt=\"\" src=\"https:\/\/www.alterjustice.org\/images\/ico\/ico_profil\/ico-profil-couple.svg\"><\/h2>\n\n\n\n<p>61% ont une relation conjugale<\/p>\n<\/div>\n\n\n\n<div class=\"wp-block-column is-layout-flow wp-block-column-is-layout-flow\">\n<figure class=\"wp-block-image\"><img decoding=\"async\" src=\"https:\/\/www.alterjustice.org\/images\/ico\/ico_profil\/ico-profil-violence.svg\" alt=\"\"\/><\/figure>\n\n\n\n<p>37.5% ont \u00e9t\u00e9s victimes de violences parentales<\/p>\n<\/div>\n<\/div>\n\n\n\n<h3 class=\"wp-block-heading\">Troubles \u00e0 l&#8217;adolescence<\/h3>\n\n\n\n<p>Plusieurs personnes condamn\u00e9es pr\u00e9sentaient des troubles de conduite \u00e0 l\u2019adolescence. Parmi les comportements les plus souvent observ\u00e9s avant l\u2019\u00e2ge de 15 ans on note, dans l\u2019ordre, faire l\u2019\u00e9cole buissonni\u00e8re (62.6 %), mentir fr\u00e9quemment (50,0 %), se bagarrer (42,5 %), intimider d\u2019autres enfants (34,4 %).<\/p>\n\n\n\n<p>\u00ab Les troubles de la conduite constituent les bases de la personnalit\u00e9 antisociale adulte et peuvent entra\u00eener plusieurs cons\u00e9quences n\u00e9gatives, notamment, des probl\u00e8mes scolaires, voire l&#8217;expulsion de l&#8217;\u00e9cole, des difficult\u00e9s d&#8217;adaptation au travail, des d\u00e9m\u00eal\u00e9s judiciaires, des accidents, etc. (American Psychiatric Association, 1994). \u00bb&nbsp;<a href=\"https:\/\/www.alterjustice.org\/dossiers\/statistiques\/profil_personnes_incarcerees.html#Ref02\">[2]<\/a><\/p>\n\n\n\n<h2 class=\"wp-block-heading\">Scolarit\u00e9<\/h2>\n\n\n\n<div class=\"wp-block-columns is-layout-flex wp-container-core-columns-is-layout-9d6595d7 wp-block-columns-is-layout-flex\">\n<div class=\"wp-block-column is-layout-flow wp-block-column-is-layout-flow\">\n<figure class=\"wp-block-image\"><img decoding=\"async\" src=\"https:\/\/www.alterjustice.org\/images\/ico\/ico_profil\/ico-profil-ecole.svg\" alt=\"\"\/><\/figure>\n\n\n\n<p>60.8% ont d\u00e9j\u00e0 d\u00e9croch\u00e9s de l&#8217;\u00e9cole<\/p>\n<\/div>\n\n\n\n<div class=\"wp-block-column is-layout-flow wp-block-column-is-layout-flow\">\n<figure class=\"wp-block-image\"><img decoding=\"async\" src=\"https:\/\/www.alterjustice.org\/images\/ico\/ico_profil\/ico-profil-diplome.svg\" alt=\"\"\/><\/figure>\n\n\n\n<p>65.4% n&#8217;ont aucun dipl\u00f4me<\/p>\n<\/div>\n\n\n\n<div class=\"wp-block-column is-layout-flow wp-block-column-is-layout-flow\">\n<figure class=\"wp-block-image\"><img decoding=\"async\" src=\"https:\/\/www.alterjustice.org\/images\/ico\/ico_profil\/ico-profil-lire.svg\" alt=\"\"\/><\/figure>\n\n\n\n<p>97.8% savent lire<\/p>\n<\/div>\n<\/div>\n\n\n\n<h3 class=\"wp-block-heading\">Le d\u00e9crochage scolaire<\/h3>\n\n\n\n<p>Bien que la majeure partie des personnes condamn\u00e9es sache lire, \u00e9crire et compter, le niveau de scolarit\u00e9 des personnes en d\u00e9tention est g\u00e9n\u00e9ralement peu \u00e9lev\u00e9. Le d\u00e9crochage scolaire est une probl\u00e9matique observ\u00e9e chez bon nombre de personnes contrevenantes. Aussi, malgr\u00e9 le fait que plusieurs ont pu reprendre des cours apr\u00e8s leur premier abandon scolaire, on remarque qu\u2019un grand nombre de personnes ne d\u00e9tiennent aucun dipl\u00f4me.<\/p>\n\n\n\n<h2 class=\"wp-block-heading\">Emploi<\/h2>\n\n\n\n<div class=\"wp-block-columns is-layout-flex wp-container-core-columns-is-layout-9d6595d7 wp-block-columns-is-layout-flex\">\n<div class=\"wp-block-column is-layout-flow wp-block-column-is-layout-flow\">\n<figure class=\"wp-block-image\"><img decoding=\"async\" src=\"https:\/\/www.alterjustice.org\/images\/ico\/ico_profil\/ico-profil-travail-actif.svg\" alt=\"\"\/><\/figure>\n\n\n\n<p>44.6% travaillaient au moment de leur incarc\u00e9ration<\/p>\n<\/div>\n\n\n\n<div class=\"wp-block-column is-layout-flow wp-block-column-is-layout-flow\">\n<figure class=\"wp-block-image\"><img decoding=\"async\" src=\"https:\/\/www.alterjustice.org\/images\/ico\/ico_profil\/ico-profil-aidesociale.svg\" alt=\"\"\/><\/figure>\n\n\n\n<p>4.3% \u00e9taient prestataires de l&#8217;aide sociale<\/p>\n<\/div>\n\n\n\n<div class=\"wp-block-column is-layout-flow wp-block-column-is-layout-flow\">\n<figure class=\"wp-block-image\"><img decoding=\"async\" src=\"https:\/\/www.alterjustice.org\/images\/ico\/ico_profil\/ico-profil-dettes.svg\" alt=\"\"\/><\/figure>\n\n\n\n<p>45.9% avaient des dettes<\/p>\n<\/div>\n<\/div>\n\n\n\n<h3 class=\"wp-block-heading\">Sans emploi au moment de leur incarc\u00e9ration<\/h3>\n\n\n\n<p>Majoritairement, les personnes prises en charge par les services correctionnels sont sans emploi.&nbsp; N\u00e9anmoins, 33&nbsp;% des personnes condamn\u00e9es ont un travail comme principale source de revenus. &nbsp; Cependant, pour la grande majorit\u00e9 des gens qui avaient des revenus d&#8217;emploi, celui-ci \u00e9tait inf\u00e9rieur au salaire moyen de la population.<\/p>\n\n\n\n<p>Bien qu&#8217;une grande partie de la client\u00e8le carc\u00e9rale \u00e9taient sans emploi, seule une minorit\u00e9 de gens b\u00e9n\u00e9ficiaient de l\u2019aide sociale (4.3&nbsp;%), de l\u2019assurance-emploi (7.4&nbsp;%) ou de rentes (3.4&nbsp;%) au moment de leur prise en charge par les services correctionnels. 18,8&nbsp;% des personnes condamn\u00e9es ont d\u00e9clar\u00e9 avoir comme source principale de revenus un travail illicite ou au noir. 33&nbsp;% n&#8217;avaient aucune source de revenus.<\/p>\n\n\n\n<h2 class=\"wp-block-heading\">Domicile<\/h2>\n\n\n\n<div class=\"wp-block-columns is-layout-flex wp-container-core-columns-is-layout-9d6595d7 wp-block-columns-is-layout-flex\">\n<div class=\"wp-block-column is-layout-flow wp-block-column-is-layout-flow\">\n<figure class=\"wp-block-image\"><img decoding=\"async\" src=\"https:\/\/www.alterjustice.org\/images\/ico\/ico_profil\/ico-profil-domicile.svg\" alt=\"\"\/><\/figure>\n\n\n\n<p>73.5% ont un domicile fixe<\/p>\n<\/div>\n\n\n\n<div class=\"wp-block-column is-layout-flow wp-block-column-is-layout-flow\">\n<figure class=\"wp-block-image\"><img decoding=\"async\" src=\"https:\/\/www.alterjustice.org\/images\/ico\/ico_profil\/ico-profil-sans_abris.svg\" alt=\"\"\/><\/figure>\n\n\n\n<p>6.9% se consid\u00e8rent comme sans-abris<\/p>\n<\/div>\n\n\n\n<div class=\"wp-block-column is-layout-flow wp-block-column-is-layout-flow\">\n<figure class=\"wp-block-image\"><img decoding=\"async\" src=\"https:\/\/www.alterjustice.org\/images\/ico\/ico_profil\/ico-profil-urbain.svg\" alt=\"\"\/><\/figure>\n\n\n\n<p>56.4% vivent dans un centre urbain<\/p>\n<\/div>\n<\/div>\n\n\n\n<h3 class=\"wp-block-heading\">Sans domicile fixe<\/h3>\n\n\n\n<p>Un peu plus du quart des personnes d\u00e9tenues n\u2019ont pas de domicile fixe, c\u2019est-\u00e0-dire \u00ab une habitation poss\u00e9dant une adresse municipale et o\u00f9 une personne demeure ordinairement de fa\u00e7on l\u00e9gale et officielle \u00bb&nbsp;<a href=\"https:\/\/www.alterjustice.org\/dossiers\/statistiques\/profil_personnes_incarcerees.html#Ref03\">[3]<\/a>&nbsp;. Les gens sans domicile fixe ne sont pas n\u00e9cessairement \u00ab sans abris \u00bb et cette situation s\u2019explique souvent par leur judiciarisation ant\u00e9rieure.<\/p>\n\n\n\n<h2 class=\"wp-block-heading\">Alcool et drogues<\/h2>\n\n\n\n<div class=\"wp-block-columns is-layout-flex wp-container-core-columns-is-layout-9d6595d7 wp-block-columns-is-layout-flex\">\n<div class=\"wp-block-column is-layout-flow wp-block-column-is-layout-flow\">\n<figure class=\"wp-block-image\"><img decoding=\"async\" src=\"https:\/\/www.alterjustice.org\/images\/ico\/ico_profil\/ico-profil-alcool.svg\" alt=\"\"\/><\/figure>\n\n\n\n<p>38.9% consommaient plus de 25 consommations d&#8217;alcool\/sem<\/p>\n<\/div>\n\n\n\n<div class=\"wp-block-column is-layout-flow wp-block-column-is-layout-flow\">\n<figure class=\"wp-block-image\"><img decoding=\"async\" src=\"https:\/\/www.alterjustice.org\/images\/ico\/ico_profil\/ico-profil-alcool_jours.svg\" alt=\"\"\/><\/figure>\n\n\n\n<p>29.0% consommaient de l&#8217;alcool tous les jours<\/p>\n<\/div>\n\n\n\n<div class=\"wp-block-column is-layout-flow wp-block-column-is-layout-flow\">\n<figure class=\"wp-block-image\"><img decoding=\"async\" src=\"https:\/\/www.alterjustice.org\/images\/ico\/ico_profil\/ico-profil-drogue.svg\" alt=\"\"\/><\/figure>\n\n\n\n<p>50.7% consommaient de la drogue tous les jours<\/p>\n<\/div>\n<\/div>\n\n\n\n<h3 class=\"wp-block-heading\">Toxicomanie: une probl\u00e9matique importante<\/h3>\n\n\n\n<p>Les probl\u00e8mes de d\u00e9pendances \u00e0 l\u2019alcool et aux drogues sont fr\u00e9quents parmi la client\u00e8le correctionnelle. On note une consommation d\u2019alcool plus \u00e9lev\u00e9e chez les personnes contrevenantes que pour l\u2019ensemble de la population.<\/p>\n\n\n\n<h2 class=\"wp-block-heading\">Sant\u00e9 mentale<\/h2>\n\n\n\n<div class=\"wp-block-columns is-layout-flex wp-container-core-columns-is-layout-9d6595d7 wp-block-columns-is-layout-flex\">\n<div class=\"wp-block-column is-layout-flow wp-block-column-is-layout-flow\">\n<figure class=\"wp-block-image\"><img decoding=\"async\" src=\"https:\/\/www.alterjustice.org\/images\/ico\/ico_profil\/ico-profil-sante_mentale.svg\" alt=\"\"\/><\/figure>\n\n\n\n<p>63.9% ont re\u00e7u un diagnostic de probl\u00e8me d&#8217;ordre \u00e9motionnel ou psychologique<\/p>\n<\/div>\n\n\n\n<div class=\"wp-block-column is-layout-flow wp-block-column-is-layout-flow\">\n<figure class=\"wp-block-image\"><img decoding=\"async\" src=\"https:\/\/www.alterjustice.org\/images\/ico\/ico_profil\/ico-profil-pensees_suicidaires.svg\" alt=\"\"\/><\/figure>\n\n\n\n<p>45.5% ont eu des pens\u00e9es suicidaires<\/p>\n<\/div>\n\n\n\n<div class=\"wp-block-column is-layout-flow wp-block-column-is-layout-flow\">\n<figure class=\"wp-block-image\"><img decoding=\"async\" src=\"https:\/\/www.alterjustice.org\/images\/ico\/ico_profil\/ico-profil-suicide.svg\" alt=\"\"\/><\/figure>\n\n\n\n<p>32.1% ont tent\u00e9s de se suicider<\/p>\n<\/div>\n<\/div>\n\n\n\n<h3 class=\"wp-block-heading\">Sant\u00e9 mentale: un probl\u00e8me croissant<\/h3>\n\n\n\n<p>\u00ab Les probl\u00e8mes d&#8217;ordre \u00e9motionnel ou psychologique sont tr\u00e8s pr\u00e9sents au sein de la client\u00e8le correctionnelle du Qu\u00e9bec, puisqu&#8217;un contrevenant sur deux a d\u00e9j\u00e0 consult\u00e9 un professionnel pour un probl\u00e8me de cet ordre, un sur trois s&#8217;est fait prescrire des m\u00e9dicaments et un sur cinq a fait l&#8217;objet d&#8217;une hospitalisation&nbsp;\u00bb En 2011, la Protectrice du citoyen sonnait l&#8217;alarme \u00e0 ce sujet et d\u00e9non\u00e7ait le fait que les \u00e9tablissements de d\u00e9tentions n&#8217;\u00e9taient pas adapt\u00e9s pour cette client\u00e8le de plus en plus importante. Selon les donn\u00e9es pr\u00e9sent\u00e9es par la Protectrice du citoyen en 2011, plus de 60&nbsp;% des personnes en d\u00e9tention souffraient d&#8217;un probl\u00e8me de sant\u00e9 mentale, contre 20&nbsp;% dans la population g\u00e9n\u00e9rale.&nbsp;<a href=\"https:\/\/www.alterjustice.org\/dossiers\/statistiques\/profil_personnes_incarcerees.html#Ref04\">[4]<\/a><\/p>\n\n\n\n<p>La probl\u00e9matique du suicide est aussi tr\u00e8s importante en d\u00e9tention. Pour en savoir plus sur le sujet, nous vous invitons \u00e0 consulter les articles suivants :<\/p>\n\n\n\n<p><a href=\"https:\/\/www.alterjustice.org\/dossiers\/articles\/0611-suicide_prison.html\">D\u00e9tresse entre quatre murs: Un portrait inqui\u00e9tant du suicide en d\u00e9tention<\/a><br><a href=\"https:\/\/www.alterjustice.org\/dossiers\/articles\/130612_suicide_automutiliation.html\">Suicide et automutilation en prison<\/a><\/p>\n\n\n\n<h2 class=\"wp-block-heading\">Profil criminel<\/h2>\n\n\n\n<div class=\"wp-block-columns is-layout-flex wp-container-core-columns-is-layout-9d6595d7 wp-block-columns-is-layout-flex\">\n<div class=\"wp-block-column is-layout-flow wp-block-column-is-layout-flow\">\n<figure class=\"wp-block-image\"><img decoding=\"async\" src=\"https:\/\/www.alterjustice.org\/images\/ico\/ico_profil\/ico-profil-crime-perso.svg\" alt=\"\"\/><\/figure>\n\n\n\n<p>15.9% infractions contre la personne*<\/p>\n<\/div>\n\n\n\n<div class=\"wp-block-column is-layout-flow wp-block-column-is-layout-flow\">\n<figure class=\"wp-block-image\"><img decoding=\"async\" src=\"https:\/\/www.alterjustice.org\/images\/ico\/ico_profil\/ico-profil-crime-propriete.svg\" alt=\"\"\/><\/figure>\n\n\n\n<p>27.4% infractions contre la propri\u00e9t\u00e9*<\/p>\n<\/div>\n\n\n\n<div class=\"wp-block-column is-layout-flow wp-block-column-is-layout-flow\">\n<figure class=\"wp-block-image\"><img decoding=\"async\" src=\"https:\/\/www.alterjustice.org\/images\/ico\/ico_profil\/ico-profil-crime-stupefiants.svg\" alt=\"\"\/><\/figure>\n\n\n\n<p>13.1% infractions relatives aux drogues et aux stup\u00e9fiants*<\/p>\n<\/div>\n<\/div>\n\n\n\n<h3 class=\"wp-block-heading\">Crimes sans violence<\/h3>\n\n\n\n<p>La majorit\u00e9 des personnes incarc\u00e9r\u00e9es dans les prisons qu\u00e9b\u00e9coises le sont pour des infractions contre la propri\u00e9t\u00e9, majoritairement le vol (11 %) et les introductions par effraction (8 %). Une part importante des personnes en d\u00e9tention le sont pour les infractions li\u00e9es aux drogues et stup\u00e9fiants (13.1 %) ainsi qu\u2019aux infractions li\u00e9es \u00e0 la conduite de v\u00e9hicule (13.5 % [boisson et circulation: 10.4 % &amp; r\u00e8glements municipaux: 3.1&nbsp;%] ).<\/p>\n\n\n\n<p>Environ 16 % des personnes incarc\u00e9r\u00e9es le sont pour une infraction contre la personne, dont la grande majorit\u00e9 pour des voies de fait&nbsp; (11 %). Seule une tr\u00e8s faible proportion des personnes incarc\u00e9r\u00e9es dans les prisons qu\u00e9b\u00e9coises le sont pour des crimes d\u2019abus physiques sur des enfants (0.5 %) et des abus sur des personnes \u00e2g\u00e9es (0.1 %).<\/p>\n\n\n\n<p>Bien que les crimes violents (infractions contre la personne) fassent g\u00e9n\u00e9ralement plus souvent la manchette dans les m\u00e9dias, la majorit\u00e9 des crimes commis ne sont pas des crimes avec violence.&nbsp;<a href=\"https:\/\/www.alterjustice.org\/dossiers\/statistiques\/crimes-categories.html\">&gt;&gt;&gt;<\/a><\/p>\n\n\n\n<p>* donn\u00e9es de 2007-2008.<\/p>\n\n\n\n<h3 class=\"wp-block-heading\">Pour en savoir davantage<\/h3>\n\n\n\n<p>Publi\u00e9 en 2002, le Portrait de la client\u00e8le correctionnelle du Qu\u00e9bec du Minist\u00e8re de la S\u00e9curit\u00e9 publique du Qu\u00e9bec dresse un portrait complet des personnes confi\u00e9es aux Services correctionnels du Qu\u00e9bec, comprenant \u00e0 la fois les personnes en milieu ferm\u00e9 (condamn\u00e9es et pr\u00e9venus) et en milieu ouvert (probation et sursis). Afin de pr\u00e9senter un portrait le plus juste possible des personnes incarc\u00e9r\u00e9es, les donn\u00e9es concernant les personnes condamn\u00e9es sont ici pr\u00e9sent\u00e9es.<\/p>\n\n\n\n<p>Lorsque disponibles et compl\u00e8tes, les donn\u00e9es plus r\u00e9centes ont \u00e9t\u00e9 privil\u00e9gi\u00e9es. Celles-ci sont identifi\u00e9es par le symbole * pour les donn\u00e9es de 2007-2008 et par le symbole \u2020 pour les donn\u00e9es de l&#8217;ann\u00e9e 2012-2013. Ces donn\u00e9es dressent un portrait plus global de la client\u00e8le incarc\u00e9r\u00e9e, puisqu&#8217;elles comprennent \u00e0 la fois les personnes condamn\u00e9es et les personnes en d\u00e9tention pr\u00e9ventive.<\/p>\n\n\n\n<p>Il est possible de consulter ces documents ainsi que diverses analyses en visitant le site Internet du minist\u00e8re de la S\u00e9curit\u00e9 publique du Qu\u00e9bec.<\/p>\n\n\n\n<p>Les donn\u00e9es pr\u00e9sent\u00e9es sur cette page concernent les personnes incarc\u00e9r\u00e9es dans les \u00e9tablissements provinciaux du Qu\u00e9bec.&nbsp;&nbsp;Au Canada, le syst\u00e8me carc\u00e9ral est partag\u00e9 entre les gouvernements provinciaux et le gouvernement f\u00e9d\u00e9ral. Les provinces g\u00e8rent les \u00ab prisons \u00bb, qui accueillent les personnes condamn\u00e9es \u00e0 une sentence de 2 ans moins 1 jour ou moins. Aussi, les prisons provinciales accueillent toutes les personnes incarc\u00e9r\u00e9es durant leur proc\u00e8s, peu importe le d\u00e9lit commis. Il peut donc s\u2019agir de personnes ayant commis des d\u00e9lits mineurs comme des crimes graves, et m\u00eame des personnes qui pourraient \u00eatre d\u00e9clar\u00e9es non coupables. C\u2019est ce qu\u2019on appelle la \u00ab d\u00e9tention pr\u00e9ventive \u00bb et les personnes ainsi incarc\u00e9r\u00e9es sont appel\u00e9es \u00ab pr\u00e9venus \u00bb. En 2013-2014, 46 % des personnes incarc\u00e9r\u00e9es dans les prisons du Qu\u00e9bec l\u2019\u00e9taient en d\u00e9tention pr\u00e9ventive.<\/p>\n\n\n\n<p>De son c\u00f4t\u00e9, le gouvernement f\u00e9d\u00e9ral est responsable des \u00ab p\u00e9nitenciers \u00bb, qui accueillent les personnes condamn\u00e9es \u00e0 une sentence de 2 ans et plus.<\/p>\n\n\n\n<h3 class=\"wp-block-heading\">Sources et r\u00e9f\u00e9rences<\/h3>\n\n\n\n<p>Sources&nbsp;:<\/p>\n\n\n\n<p>ROBITAILLE, C., GUAY, J-P. et SAVARD, C. (2002). Portrait de la client\u00e8le correctionnelle du Qu\u00e9bec 2001, Montr\u00e9al, Soci\u00e9t\u00e9 de criminologie du Qu\u00e9bec pour la DGSC du Minist\u00e8re de la S\u00e9curit\u00e9 publique du Qu\u00e9bec, 128 p.<\/p>\n\n\n\n<p>* : GIROUX, L. (2011). Profil correctionnel 2007-2008 : La population correctionnelle du Qu\u00e9bec, Qu\u00e9bec, Services correctionnels, minist\u00e8re de la S\u00e9curit\u00e9 publique, 71 pages.<\/p>\n\n\n\n<p>\u2020 : CH\u00c9N\u00c9, B. (2014). Statistiques correctionnelles 2012-2013, Qu\u00e9bec, Services correctionnels, minist\u00e8re de la S\u00e9curit\u00e9 publique. 23 pages.<\/p>\n\n\n\n<p>[1] Portrait de la client\u00e8le correctionnelle du Qu\u00e9bec 2001, p.20<\/p>\n\n\n\n<p>[2] Portrait de la client\u00e8le correctionnelle du Qu\u00e9bec 2001, p. 29<\/p>\n\n\n\n<p>[3] Portrait de la client\u00e8le correctionnelle du Qu\u00e9bec 2001, p. 47<\/p>\n\n\n\n<p>[4] JOURNET, Paul. \u00ab Sant\u00e9 mentale en prison: la Protectrice du citoyen sonne l&#8217;alarme \u00bb, dans La Presse, 11 mai 2011.<\/p>\n\n\n\n<p>Sources des ic\u00f4nes: flaticon.com, sauf icone suicide : Noose par Erik Wagne, Noun Project..<\/p>\n\n\n\n<p>Mise en ligne : juillet 2015 \u00a9 Alter Justice<\/p>\n","protected":false},"featured_media":833,"template":"","categories":[6,4],"class_list":["post-842","sensi_recherche","type-sensi_recherche","status-publish","has-post-thumbnail","hentry","category-criminalite","category-detention"],"acf":[],"yoast_head":"<!-- This site is optimized with the Yoast SEO plugin v27.5 - https:\/\/yoast.com\/product\/yoast-seo-wordpress\/ -->\n<title>Le profil des personnes incarc\u00e9r\u00e9es - Alter Justice<\/title>\n<meta name=\"robots\" content=\"index, follow, max-snippet:-1, max-image-preview:large, max-video-preview:-1\" \/>\n<link rel=\"canonical\" href=\"https:\/\/alterjustice.org\/sensi_recherche\/le-profil-des-personnes-incarcerees\/\" \/>\n<meta property=\"og:locale\" content=\"en_US\" \/>\n<meta property=\"og:type\" content=\"article\" \/>\n<meta property=\"og:title\" content=\"Le profil des personnes incarc\u00e9r\u00e9es - Alter Justice\" \/>\n<meta property=\"og:description\" content=\"Derni\u00e8re mise \u00e0 jour&nbsp;: 27 juillet 2015 Un portrait de la population carc\u00e9rale du Qu\u00e9bec Qui sont les personnes incarc\u00e9r\u00e9es au sein des prisons qu\u00e9b\u00e9coises? Voici quelques donn\u00e9es qui vous permettront de mieux comprendre le profil de la client\u00e8le carc\u00e9rale du Qu\u00e9bec, selon diff\u00e9rentes sph\u00e8res. On dit souvent que la prison est un concentr\u00e9 des [&hellip;]\" \/>\n<meta property=\"og:url\" content=\"https:\/\/alterjustice.org\/sensi_recherche\/le-profil-des-personnes-incarcerees\/\" \/>\n<meta property=\"og:site_name\" content=\"Alter Justice\" \/>\n<meta property=\"article:modified_time\" content=\"2021-07-08T20:22:13+00:00\" \/>\n<meta property=\"og:image\" content=\"https:\/\/alterjustice.org\/wp-content\/uploads\/2021\/07\/prison07.jpg\" \/>\n\t<meta property=\"og:image:width\" content=\"1568\" \/>\n\t<meta property=\"og:image:height\" content=\"920\" \/>\n\t<meta property=\"og:image:type\" content=\"image\/jpeg\" \/>\n<meta name=\"twitter:card\" content=\"summary_large_image\" \/>\n<meta name=\"twitter:label1\" content=\"Est. reading time\" \/>\n\t<meta name=\"twitter:data1\" content=\"10 minutes\" \/>\n<script type=\"application\/ld+json\" class=\"yoast-schema-graph\">{\"@context\":\"https:\\\/\\\/schema.org\",\"@graph\":[{\"@type\":\"WebPage\",\"@id\":\"https:\\\/\\\/alterjustice.org\\\/sensi_recherche\\\/le-profil-des-personnes-incarcerees\\\/\",\"url\":\"https:\\\/\\\/alterjustice.org\\\/sensi_recherche\\\/le-profil-des-personnes-incarcerees\\\/\",\"name\":\"Le profil des personnes incarc\u00e9r\u00e9es - Alter Justice\",\"isPartOf\":{\"@id\":\"https:\\\/\\\/alterjustice.org\\\/#website\"},\"primaryImageOfPage\":{\"@id\":\"https:\\\/\\\/alterjustice.org\\\/sensi_recherche\\\/le-profil-des-personnes-incarcerees\\\/#primaryimage\"},\"image\":{\"@id\":\"https:\\\/\\\/alterjustice.org\\\/sensi_recherche\\\/le-profil-des-personnes-incarcerees\\\/#primaryimage\"},\"thumbnailUrl\":\"https:\\\/\\\/alterjustice.org\\\/wp-content\\\/uploads\\\/2021\\\/07\\\/prison07.jpg\",\"datePublished\":\"2021-07-08T18:51:49+00:00\",\"dateModified\":\"2021-07-08T20:22:13+00:00\",\"breadcrumb\":{\"@id\":\"https:\\\/\\\/alterjustice.org\\\/sensi_recherche\\\/le-profil-des-personnes-incarcerees\\\/#breadcrumb\"},\"inLanguage\":\"en-US\",\"potentialAction\":[{\"@type\":\"ReadAction\",\"target\":[\"https:\\\/\\\/alterjustice.org\\\/sensi_recherche\\\/le-profil-des-personnes-incarcerees\\\/\"]}]},{\"@type\":\"ImageObject\",\"inLanguage\":\"en-US\",\"@id\":\"https:\\\/\\\/alterjustice.org\\\/sensi_recherche\\\/le-profil-des-personnes-incarcerees\\\/#primaryimage\",\"url\":\"https:\\\/\\\/alterjustice.org\\\/wp-content\\\/uploads\\\/2021\\\/07\\\/prison07.jpg\",\"contentUrl\":\"https:\\\/\\\/alterjustice.org\\\/wp-content\\\/uploads\\\/2021\\\/07\\\/prison07.jpg\",\"width\":1568,\"height\":920},{\"@type\":\"BreadcrumbList\",\"@id\":\"https:\\\/\\\/alterjustice.org\\\/sensi_recherche\\\/le-profil-des-personnes-incarcerees\\\/#breadcrumb\",\"itemListElement\":[{\"@type\":\"ListItem\",\"position\":1,\"name\":\"Accueil\",\"item\":\"https:\\\/\\\/alterjustice.org\\\/en\\\/\"},{\"@type\":\"ListItem\",\"position\":2,\"name\":\"Le profil des personnes incarc\u00e9r\u00e9es\"}]},{\"@type\":\"WebSite\",\"@id\":\"https:\\\/\\\/alterjustice.org\\\/#website\",\"url\":\"https:\\\/\\\/alterjustice.org\\\/\",\"name\":\"Alter Justice\",\"description\":\"Soutenir, accompagner et informer\",\"publisher\":{\"@id\":\"https:\\\/\\\/alterjustice.org\\\/#organization\"},\"potentialAction\":[{\"@type\":\"SearchAction\",\"target\":{\"@type\":\"EntryPoint\",\"urlTemplate\":\"https:\\\/\\\/alterjustice.org\\\/?s={search_term_string}\"},\"query-input\":{\"@type\":\"PropertyValueSpecification\",\"valueRequired\":true,\"valueName\":\"search_term_string\"}}],\"inLanguage\":\"en-US\"},{\"@type\":\"Organization\",\"@id\":\"https:\\\/\\\/alterjustice.org\\\/#organization\",\"name\":\"Alter Justice\",\"url\":\"https:\\\/\\\/alterjustice.org\\\/\",\"logo\":{\"@type\":\"ImageObject\",\"inLanguage\":\"en-US\",\"@id\":\"https:\\\/\\\/alterjustice.org\\\/#\\\/schema\\\/logo\\\/image\\\/\",\"url\":\"https:\\\/\\\/alterjustice.org\\\/wp-content\\\/uploads\\\/2021\\\/10\\\/Alter-Justice-Logo-Couleur-PNG-large.png\",\"contentUrl\":\"https:\\\/\\\/alterjustice.org\\\/wp-content\\\/uploads\\\/2021\\\/10\\\/Alter-Justice-Logo-Couleur-PNG-large.png\",\"width\":1698,\"height\":925,\"caption\":\"Alter Justice\"},\"image\":{\"@id\":\"https:\\\/\\\/alterjustice.org\\\/#\\\/schema\\\/logo\\\/image\\\/\"}}]}<\/script>\n<!-- \/ Yoast SEO plugin. -->","yoast_head_json":{"title":"Le profil des personnes incarc\u00e9r\u00e9es - Alter Justice","robots":{"index":"index","follow":"follow","max-snippet":"max-snippet:-1","max-image-preview":"max-image-preview:large","max-video-preview":"max-video-preview:-1"},"canonical":"https:\/\/alterjustice.org\/sensi_recherche\/le-profil-des-personnes-incarcerees\/","og_locale":"en_US","og_type":"article","og_title":"Le profil des personnes incarc\u00e9r\u00e9es - Alter Justice","og_description":"Derni\u00e8re mise \u00e0 jour&nbsp;: 27 juillet 2015 Un portrait de la population carc\u00e9rale du Qu\u00e9bec Qui sont les personnes incarc\u00e9r\u00e9es au sein des prisons qu\u00e9b\u00e9coises? Voici quelques donn\u00e9es qui vous permettront de mieux comprendre le profil de la client\u00e8le carc\u00e9rale du Qu\u00e9bec, selon diff\u00e9rentes sph\u00e8res. On dit souvent que la prison est un concentr\u00e9 des [&hellip;]","og_url":"https:\/\/alterjustice.org\/sensi_recherche\/le-profil-des-personnes-incarcerees\/","og_site_name":"Alter Justice","article_modified_time":"2021-07-08T20:22:13+00:00","og_image":[{"width":1568,"height":920,"url":"https:\/\/alterjustice.org\/wp-content\/uploads\/2021\/07\/prison07.jpg","type":"image\/jpeg"}],"twitter_card":"summary_large_image","twitter_misc":{"Est. reading time":"10 minutes"},"schema":{"@context":"https:\/\/schema.org","@graph":[{"@type":"WebPage","@id":"https:\/\/alterjustice.org\/sensi_recherche\/le-profil-des-personnes-incarcerees\/","url":"https:\/\/alterjustice.org\/sensi_recherche\/le-profil-des-personnes-incarcerees\/","name":"Le profil des personnes incarc\u00e9r\u00e9es - Alter Justice","isPartOf":{"@id":"https:\/\/alterjustice.org\/#website"},"primaryImageOfPage":{"@id":"https:\/\/alterjustice.org\/sensi_recherche\/le-profil-des-personnes-incarcerees\/#primaryimage"},"image":{"@id":"https:\/\/alterjustice.org\/sensi_recherche\/le-profil-des-personnes-incarcerees\/#primaryimage"},"thumbnailUrl":"https:\/\/alterjustice.org\/wp-content\/uploads\/2021\/07\/prison07.jpg","datePublished":"2021-07-08T18:51:49+00:00","dateModified":"2021-07-08T20:22:13+00:00","breadcrumb":{"@id":"https:\/\/alterjustice.org\/sensi_recherche\/le-profil-des-personnes-incarcerees\/#breadcrumb"},"inLanguage":"en-US","potentialAction":[{"@type":"ReadAction","target":["https:\/\/alterjustice.org\/sensi_recherche\/le-profil-des-personnes-incarcerees\/"]}]},{"@type":"ImageObject","inLanguage":"en-US","@id":"https:\/\/alterjustice.org\/sensi_recherche\/le-profil-des-personnes-incarcerees\/#primaryimage","url":"https:\/\/alterjustice.org\/wp-content\/uploads\/2021\/07\/prison07.jpg","contentUrl":"https:\/\/alterjustice.org\/wp-content\/uploads\/2021\/07\/prison07.jpg","width":1568,"height":920},{"@type":"BreadcrumbList","@id":"https:\/\/alterjustice.org\/sensi_recherche\/le-profil-des-personnes-incarcerees\/#breadcrumb","itemListElement":[{"@type":"ListItem","position":1,"name":"Accueil","item":"https:\/\/alterjustice.org\/en\/"},{"@type":"ListItem","position":2,"name":"Le profil des personnes incarc\u00e9r\u00e9es"}]},{"@type":"WebSite","@id":"https:\/\/alterjustice.org\/#website","url":"https:\/\/alterjustice.org\/","name":"Alter Justice","description":"Soutenir, accompagner et informer","publisher":{"@id":"https:\/\/alterjustice.org\/#organization"},"potentialAction":[{"@type":"SearchAction","target":{"@type":"EntryPoint","urlTemplate":"https:\/\/alterjustice.org\/?s={search_term_string}"},"query-input":{"@type":"PropertyValueSpecification","valueRequired":true,"valueName":"search_term_string"}}],"inLanguage":"en-US"},{"@type":"Organization","@id":"https:\/\/alterjustice.org\/#organization","name":"Alter Justice","url":"https:\/\/alterjustice.org\/","logo":{"@type":"ImageObject","inLanguage":"en-US","@id":"https:\/\/alterjustice.org\/#\/schema\/logo\/image\/","url":"https:\/\/alterjustice.org\/wp-content\/uploads\/2021\/10\/Alter-Justice-Logo-Couleur-PNG-large.png","contentUrl":"https:\/\/alterjustice.org\/wp-content\/uploads\/2021\/10\/Alter-Justice-Logo-Couleur-PNG-large.png","width":1698,"height":925,"caption":"Alter Justice"},"image":{"@id":"https:\/\/alterjustice.org\/#\/schema\/logo\/image\/"}}]}},"_links":{"self":[{"href":"https:\/\/alterjustice.org\/en\/wp-json\/wp\/v2\/sensi_recherche\/842","targetHints":{"allow":["GET"]}}],"collection":[{"href":"https:\/\/alterjustice.org\/en\/wp-json\/wp\/v2\/sensi_recherche"}],"about":[{"href":"https:\/\/alterjustice.org\/en\/wp-json\/wp\/v2\/types\/sensi_recherche"}],"wp:featuredmedia":[{"embeddable":true,"href":"https:\/\/alterjustice.org\/en\/wp-json\/wp\/v2\/media\/833"}],"wp:attachment":[{"href":"https:\/\/alterjustice.org\/en\/wp-json\/wp\/v2\/media?parent=842"}],"wp:term":[{"taxonomy":"category","embeddable":true,"href":"https:\/\/alterjustice.org\/en\/wp-json\/wp\/v2\/categories?post=842"}],"curies":[{"name":"wp","href":"https:\/\/api.w.org\/{rel}","templated":true}]}}